{"id":204,"date":"2021-04-10T14:44:52","date_gmt":"2021-04-10T12:44:52","guid":{"rendered":"http:\/\/recstudio.fr\/?page_id=204"},"modified":"2024-02-28T13:28:07","modified_gmt":"2024-02-28T12:28:07","slug":"formations","status":"publish","type":"page","link":"https:\/\/recstudio.fr\/?page_id=204","title":{"rendered":"Formations"},"content":{"rendered":"<p>[vc_section full_width=\u00a0\u00bbstretch_row\u00a0\u00bb video_bg=\u00a0\u00bbyes\u00a0\u00bb video_bg_url=\u00a0\u00bbhttps:\/\/www.youtube.com\/watch?v=O5uslDByFMk\u00a0\u00bb video_bg_parallax=\u00a0\u00bbcontent-moving\u00a0\u00bb parallax_speed_video=\u00a0\u00bb1.3&Prime; css=\u00a0\u00bb.vc_custom_1644775643901{padding-top: 340px !important;padding-bottom: 340px !important;}\u00a0\u00bb][vc_row][vc_column][vc_column_text]<\/p>\n<h1 style=\"text-align: center;\"><span style=\"color: #ffffff;\"><span style=\"caret-color: #ffffff;\">D\u00e9veloppeur de comp\u00e9tences<\/span><\/span><\/h1>\n<p>[\/vc_column_text][vc_separator color=\u00a0\u00bbcustom\u00a0\u00bb border_width=\u00a0\u00bb4&Prime; el_width=\u00a0\u00bb20&Prime; css=\u00a0\u00bb.vc_custom_1643454454936{margin-top: 20px !important;}\u00a0\u00bb accent_color=\u00a0\u00bb#b61819&Prime;][\/vc_column][\/vc_row][\/vc_section][vc_section content_placement=\u00a0\u00bbmiddle\u00a0\u00bb css=\u00a0\u00bb.vc_custom_1643550708656{padding-top: 100px !important;padding-bottom: 50px !important;}\u00a0\u00bb][vc_row equal_height=\u00a0\u00bbyes\u00a0\u00bb content_placement=\u00a0\u00bbmiddle\u00a0\u00bb css=\u00a0\u00bb.vc_custom_1643416006302{margin-bottom: 20px !important;padding-top: 20px !important;padding-bottom: 20px !important;}\u00a0\u00bb][vc_column width=\u00a0\u00bb1\/2&Prime;][vc_column_text]<\/p>\n<h2>D\u00e9couvrez REC Studies !<\/h2>\n<p>[\/vc_column_text][vc_separator color=\u00a0\u00bbcustom\u00a0\u00bb align=\u00a0\u00bbalign_left\u00a0\u00bb border_width=\u00a0\u00bb4&Prime; el_width=\u00a0\u00bb20&Prime; css=\u00a0\u00bb.vc_custom_1643412822330{margin-top: 20px !important;}\u00a0\u00bb accent_color=\u00a0\u00bb#b61819&Prime;][vc_column_text css=\u00a0\u00bb.vc_custom_1709123256945{margin-top: 20px !important;}\u00a0\u00bb]<\/p>\n<p class=\"text-center\"><b>Le partage est au coeur de nos valeurs<\/b>, les membres de notre \u00e9quipe interviennent depuis plusieurs ann\u00e9es aupr\u00e8s des \u00e9tudiants d&rsquo;\u00e9coles sup\u00e9rieures de communication et marketing, afin de leur apporter des connaissances th\u00e9oriques et des comp\u00e9tences pratiques audiovisuelles.<\/p>\n<p><strong>Nous intervenons \u00e9galement aupr\u00e8s des professionnels,<\/strong>\u00a0qui d\u00e9sirent \u00e9tendre leurs savoirs en communication digitale pour performer davantage dans leur entreprise, mais \u00e9galement pour les personnes en reconversion souhaitant apprendre toutes les bases de l&rsquo;audiovisuel.<\/p>\n<p><strong>Envie de d\u00e9velopper vos comp\u00e9tences \u00e0 nos c\u00f4t\u00e9s ?\u00a0<\/strong>Retrouvez ci-dessous la formation id\u00e9ale qui correspond \u00e0 vos attentes, gr\u00e2ce \u00e0 notre programme REC Studies ![\/vc_column_text][\/vc_column][vc_column width=\u00a0\u00bb1\/2&Prime; css=\u00a0\u00bb.vc_custom_1643472906050{padding-left: 100px !important;}\u00a0\u00bb][vc_single_image image=\u00a0\u00bb1035&Prime; img_size=\u00a0\u00bblarge\u00a0\u00bb css_animation=\u00a0\u00bbfadeInRight\u00a0\u00bb][\/vc_column][\/vc_row][\/vc_section][vc_section full_width=\u00a0\u00bbstretch_row_content\u00a0\u00bb][vc_row equal_height=\u00a0\u00bbyes\u00a0\u00bb content_placement=\u00a0\u00bbmiddle\u00a0\u00bb css_animation=\u00a0\u00bbbottom-to-top\u00a0\u00bb][vc_column width=\u00a0\u00bb1\/3&Prime; css=\u00a0\u00bb.vc_custom_1707929747615{padding-top: 100px !important;padding-bottom: 100px !important;background-image: url(https:\/\/recstudio.fr\/wp-content\/uploads\/2024\/02\/forma9.jpg?id=2167) !important;background-position: center !important;background-repeat: no-repeat !important;background-size: cover !important;}\u00a0\u00bb][vc_column_text]<\/p>\n<h3 style=\"text-align: center;\"><span style=\"color: #ffffff;\">Une approche th\u00e9orique<\/span><\/h3>\n<p>[\/vc_column_text][vc_separator color=\u00a0\u00bbcustom\u00a0\u00bb border_width=\u00a0\u00bb2&Prime; el_width=\u00a0\u00bb20&Prime; css=\u00a0\u00bb.vc_custom_1643413576971{margin-top: 15px !important;}\u00a0\u00bb accent_color=\u00a0\u00bb#b61819&Prime;][vc_column_text css=\u00a0\u00bb.vc_custom_1705953775208{margin-top: 15px !important;padding-right: 20px !important;padding-left: 20px !important;}\u00a0\u00bb]<\/p>\n<p style=\"text-align: center;\"><span style=\"color: #ffffff;\">Nos formations contiennent toutes une approche th\u00e9orique fondamentale pour d\u00e9velopper les connaissances de chacun ; nous basons notre enseignement sur des \u00e9changes directs, avec sympathie, afin de rendre le contenu attrayant.<\/span><\/p>\n<p>[\/vc_column_text][\/vc_column][vc_column width=\u00a0\u00bb1\/3&Prime; css=\u00a0\u00bb.vc_custom_1707929761014{padding-top: 100px !important;padding-bottom: 100px !important;background-image: url(https:\/\/recstudio.fr\/wp-content\/uploads\/2024\/02\/forma8.jpg?id=2166) !important;background-position: center !important;background-repeat: no-repeat !important;background-size: cover !important;}\u00a0\u00bb][vc_column_text]<\/p>\n<h3 style=\"text-align: center;\"><span style=\"color: #ffffff;\">Comp\u00e9tences techniques<\/span><\/h3>\n<p>[\/vc_column_text][vc_separator color=\u00a0\u00bbcustom\u00a0\u00bb border_width=\u00a0\u00bb2&Prime; el_width=\u00a0\u00bb20&Prime; css=\u00a0\u00bb.vc_custom_1643413576971{margin-top: 15px !important;}\u00a0\u00bb accent_color=\u00a0\u00bb#b61819&Prime;][vc_column_text css=\u00a0\u00bb.vc_custom_1644697895423{margin-top: 15px !important;padding-right: 20px !important;padding-left: 20px !important;}\u00a0\u00bb]<\/p>\n<p style=\"text-align: center;\"><span style=\"color: #ffffff;\">Pour le d\u00e9veloppement des comp\u00e9tences en communication audiovisuelle, chaque formation contient une partie technique, avec la r\u00e9alisation d&rsquo;exercices sur des logiciels de la gamme Adobe (Premi\u00e8re Pro, After Effects, Audition, &#8230;).<\/span><\/p>\n<p>[\/vc_column_text][\/vc_column][vc_column width=\u00a0\u00bb1\/3&Prime; css=\u00a0\u00bb.vc_custom_1643413699547{padding-top: 100px !important;padding-bottom: 100px !important;background-image: url(http:\/\/recstudio.fr\/wp-content\/uploads\/2022\/01\/forma1.jpg?id=1016) !important;background-position: center !important;background-repeat: no-repeat !important;background-size: cover !important;}\u00a0\u00bb][vc_column_text]<\/p>\n<h3 style=\"text-align: center;\"><span style=\"color: #ffffff;\">Mise en pratique<\/span><\/h3>\n<p>[\/vc_column_text][vc_separator color=\u00a0\u00bbcustom\u00a0\u00bb border_width=\u00a0\u00bb2&Prime; el_width=\u00a0\u00bb20&Prime; css=\u00a0\u00bb.vc_custom_1643413576971{margin-top: 15px !important;}\u00a0\u00bb accent_color=\u00a0\u00bb#b61819&Prime;][vc_column_text css=\u00a0\u00bb.vc_custom_1644697858800{margin-top: 15px !important;padding-right: 20px !important;padding-left: 20px !important;}\u00a0\u00bb]<\/p>\n<p style=\"text-align: center;\"><span style=\"color: #ffffff;\">Pour une meilleure exp\u00e9rience, nous mettons en place tout le mat\u00e9riel professionnel n\u00e9cessaire afin d&rsquo;offrir une mise en pratique dans un contexte r\u00e9el et une immersion totale. R\u00e9gie vid\u00e9o, cam\u00e9ra, \u00e9clairage, microphone et bien d&rsquo;autres !<\/span><\/p>\n<p>[\/vc_column_text][\/vc_column][\/vc_row][\/vc_section][vc_section full_width=\u00a0\u00bbstretch_row\u00a0\u00bb css=\u00a0\u00bb.vc_custom_1625844979461{padding-top: 75px !important;padding-bottom: 75px !important;background-color: #efefef !important;}\u00a0\u00bb][vc_row content_placement=\u00a0\u00bbmiddle\u00a0\u00bb css_animation=\u00a0\u00bbfadeInUp\u00a0\u00bb][vc_column width=\u00a0\u00bb2\/3&Prime;][vc_column_text]<\/p>\n<h3>R\u00e9aliser une Web-s\u00e9rie<\/h3>\n<p>[\/vc_column_text][vc_column_text]<em>Formation pour les \u00e9coles de communication &amp; marketing<\/em><\/p>\n<div class=\"page\">\n<div class=\"section\">\n<div class=\"layoutArea\">\n<div class=\"column\">\n<p>Cette formation a pour but d\u2019accompagner les \u00e9tudiants dans la r\u00e9alisation d\u2019un \u00e9pisode de web-s\u00e9rie autour d&rsquo;une th\u00e9matique commune \u00e0 tous et d&rsquo;en comprendre l&rsquo;int\u00e9r\u00eat, de coacher chaque groupe-projet dans l\u2019\u00e9criture, le tournage et le montage de celui-ci (apr\u00e8s un rappel des bases du montage vid\u00e9o).<\/p>\n<p>A la fois bas\u00e9e sur des \u00e9l\u00e9ments th\u00e9oriques de communication &amp; marketing, elle repose essentiellement sur des travaux pratiques.\u00a0Les web-s\u00e9ries \u00e0 r\u00e9aliser porteront (au choix) sur les th\u00e9matiques suivantes (exemples) :<\/p>\n<ul>\n<li>\u00ab Et si demain, je&#8230; \u00bb (vision d\u2019avenir, changer le quotidien, la soci\u00e9t\u00e9, cr\u00e9er un projet) ;<\/li>\n<li>\u00ab Je communique, et toi ? \u00bb (pr\u00e9senter son quotidien de professionnel de la communication) ;<\/li>\n<li>\u00ab Minimum 5 ans d\u2019exp\u00e9rience \u00bb (contexte post-dipl\u00f4me, trouver un premier travail, se faire une place\u00a0dans le milieu professionnel en tant que junior).<\/li>\n<\/ul>\n<\/div>\n<\/div>\n<\/div>\n<\/div>\n<p>[\/vc_column_text][\/vc_column][vc_column width=\u00a0\u00bb1\/3&Prime;][vc_column_text css=\u00a0\u00bb.vc_custom_1643473250571{margin-bottom: 15px !important;}\u00a0\u00bb]<\/p>\n<h4>Comp\u00e9tences transmises<\/h4>\n<p>[\/vc_column_text]<div class=\"qodef-icon-list-holder \" >\n\t<div class=\"qodef-il-icon-holder\">\n\t\t<i class=\"qodef-icon-font-awesome fa fa-check \" style=\"color: #dd3333\"><\/i>\t<\/div>\n\t<p class=\"qodef-il-text\" >Conna\u00eetre l&#039;int\u00e9r\u00eat de la web-s\u00e9rie<\/p>\n<\/div>\n\n\n<div class=\"qodef-icon-list-holder \" >\n\t<div class=\"qodef-il-icon-holder\">\n\t\t<i class=\"qodef-icon-font-awesome fa fa-check \" style=\"color: #dd3333\"><\/i>\t<\/div>\n\t<p class=\"qodef-il-text\" >Comprendre un brief de web-s\u00e9rie<\/p>\n<\/div>\n\n\n<div class=\"qodef-icon-list-holder \" >\n\t<div class=\"qodef-il-icon-holder\">\n\t\t<i class=\"qodef-icon-font-awesome fa fa-check \" style=\"color: #dd3333\"><\/i>\t<\/div>\n\t<p class=\"qodef-il-text\" >Brainstormer et \u00e9crire un script<\/p>\n<\/div>\n\n\n<div class=\"qodef-icon-list-holder \" >\n\t<div class=\"qodef-il-icon-holder\">\n\t\t<i class=\"qodef-icon-font-awesome fa fa-check \" style=\"color: #dd3333\"><\/i>\t<\/div>\n\t<p class=\"qodef-il-text\" >R\u00e9aliser un storyboard<\/p>\n<\/div>\n\n\n<div class=\"qodef-icon-list-holder \" >\n\t<div class=\"qodef-il-icon-holder\">\n\t\t<i class=\"qodef-icon-font-awesome fa fa-check \" style=\"color: #dd3333\"><\/i>\t<\/div>\n\t<p class=\"qodef-il-text\" >Organiser et planifier un tournage<\/p>\n<\/div>\n\n\n<div class=\"qodef-icon-list-holder \" >\n\t<div class=\"qodef-il-icon-holder\">\n\t\t<i class=\"qodef-icon-font-awesome fa fa-check \" style=\"color: #dd3333\"><\/i>\t<\/div>\n\t<p class=\"qodef-il-text\" >D\u00e9finir le besoin technique d&#039;un tournage<\/p>\n<\/div>\n\n\n<div class=\"qodef-icon-list-holder \" >\n\t<div class=\"qodef-il-icon-holder\">\n\t\t<i class=\"qodef-icon-font-awesome fa fa-check \" style=\"color: #dd3333\"><\/i>\t<\/div>\n\t<p class=\"qodef-il-text\" >Choisir le bon cadrage selon la prise de vue<\/p>\n<\/div>\n\n\n<div class=\"qodef-icon-list-holder \" >\n\t<div class=\"qodef-il-icon-holder\">\n\t\t<i class=\"qodef-icon-font-awesome fa fa-check \" style=\"color: #dd3333\"><\/i>\t<\/div>\n\t<p class=\"qodef-il-text\" >D\u00e9rusher et monter sur logiciel professionnel<\/p>\n<\/div>\n\n\n[\/vc_column][\/vc_row][\/vc_section][vc_section full_width=\u00a0\u00bbstretch_row\u00a0\u00bb css=\u00a0\u00bb.vc_custom_1625844975007{padding-top: 75px !important;padding-bottom: 75px !important;}\u00a0\u00bb][vc_row css_animation=\u00a0\u00bbfadeInUp\u00a0\u00bb][vc_column width=\u00a0\u00bb2\/3&Prime;][vc_column_text]<\/p>\n<h3>Motion-design dans le digital<\/h3>\n<p>[\/vc_column_text][vc_column_text]<em>Formation pour les \u00e9coles de communication &amp; marketing<\/em><\/p>\n<div class=\"page\">\n<div class=\"section\">\n<div class=\"layoutArea\">\n<div class=\"column\">\n<p>La formation a pour but de faire d\u00e9couvrir aux \u00e9tudiants les diff\u00e9rents aspects du \u00ab\u00a0motion-design\u00a0\u00bb tel qu\u2019on le retrouve aujourd\u2019hui\u00a0: au cin\u00e9ma, dans les publicit\u00e9s, dans les jeux vid\u00e9os, dans la communication digitale\u2026<\/p>\n<p>Les \u00e9tudiants seront accompagn\u00e9s dans la r\u00e9alisation de diverses animations graphiques qui ont du sens pour la suite de leur parcours professionnels dans le milieu de la communication et du marketing, de les ouvrir \u00e0 une culture audiovisuelle nouvelle\/innovante.<\/p>\n<p>Dans le contexte actuel de la communication et de son \u00e9volution permanente, le \u00ab\u00a0motion-design\u00a0\u00bb est devenu une nouvelle mani\u00e8re d\u2019attirer l\u2019attention des cibles de communication qui se digitalisent un peu plus chaque jour. Il est donc primordial d\u2019initier les professionnels de demain aux bases de ce format.<span class=\"Apple-converted-space\">\u00a0<\/span><\/p>\n<\/div>\n<\/div>\n<\/div>\n<\/div>\n<p>[\/vc_column_text][\/vc_column][vc_column width=\u00a0\u00bb1\/3&Prime;][vc_column_text css=\u00a0\u00bb.vc_custom_1643473250571{margin-bottom: 15px !important;}\u00a0\u00bb]<\/p>\n<h4>Comp\u00e9tences transmises<\/h4>\n<p>[\/vc_column_text]<div class=\"qodef-icon-list-holder \" >\n\t<div class=\"qodef-il-icon-holder\">\n\t\t<i class=\"qodef-icon-font-awesome fa fa-check \" style=\"color: #dd3333\"><\/i>\t<\/div>\n\t<p class=\"qodef-il-text\" >Conna\u00eetre l&#039;int\u00e9r\u00eat du motion-design<\/p>\n<\/div>\n\n\n<div class=\"qodef-icon-list-holder \" >\n\t<div class=\"qodef-il-icon-holder\">\n\t\t<i class=\"qodef-icon-font-awesome fa fa-check \" style=\"color: #dd3333\"><\/i>\t<\/div>\n\t<p class=\"qodef-il-text\" >Comprendre un brief de motion-design<\/p>\n<\/div>\n\n\n<div class=\"qodef-icon-list-holder \" >\n\t<div class=\"qodef-il-icon-holder\">\n\t\t<i class=\"qodef-icon-font-awesome fa fa-check \" style=\"color: #dd3333\"><\/i>\t<\/div>\n\t<p class=\"qodef-il-text\" >Brainstormer une animation simple 2D<\/p>\n<\/div>\n\n\n<div class=\"qodef-icon-list-holder \" >\n\t<div class=\"qodef-il-icon-holder\">\n\t\t<i class=\"qodef-icon-font-awesome fa fa-check \" style=\"color: #dd3333\"><\/i>\t<\/div>\n\t<p class=\"qodef-il-text\" >R\u00e9aliser une maquette<\/p>\n<\/div>\n\n\n<div class=\"qodef-icon-list-holder \" >\n\t<div class=\"qodef-il-icon-holder\">\n\t\t<i class=\"qodef-icon-font-awesome fa fa-check \" style=\"color: #dd3333\"><\/i>\t<\/div>\n\t<p class=\"qodef-il-text\" >D\u00e9finir le besoin technique de l&#039;animation<\/p>\n<\/div>\n\n\n<div class=\"qodef-icon-list-holder \" >\n\t<div class=\"qodef-il-icon-holder\">\n\t\t<i class=\"qodef-icon-font-awesome fa fa-check \" style=\"color: #dd3333\"><\/i>\t<\/div>\n\t<p class=\"qodef-il-text\" >R\u00e9aliser une Story Instagram anim\u00e9e<\/p>\n<\/div>\n\n\n<div class=\"qodef-icon-list-holder \" >\n\t<div class=\"qodef-il-icon-holder\">\n\t\t<i class=\"qodef-icon-font-awesome fa fa-check \" style=\"color: #dd3333\"><\/i>\t<\/div>\n\t<p class=\"qodef-il-text\" >Cr\u00e9er un logo et des transitions anim\u00e9s<\/p>\n<\/div>\n\n\n<div class=\"qodef-icon-list-holder \" >\n\t<div class=\"qodef-il-icon-holder\">\n\t\t<i class=\"qodef-icon-font-awesome fa fa-check \" style=\"color: #dd3333\"><\/i>\t<\/div>\n\t<p class=\"qodef-il-text\" >R\u00e9aliser une vid\u00e9o dynamique type ``Konbini``<\/p>\n<\/div>\n\n\n[\/vc_column][\/vc_row][\/vc_section][vc_section full_width=\u00a0\u00bbstretch_row\u00a0\u00bb parallax=\u00a0\u00bbcontent-moving-fade\u00a0\u00bb parallax_image=\u00a0\u00bb1025&Prime; css=\u00a0\u00bb.vc_custom_1709122605746{padding-top: 200px !important;padding-bottom: 200px !important;}\u00a0\u00bb][\/vc_section][vc_section full_width=\u00a0\u00bbstretch_row\u00a0\u00bb css=\u00a0\u00bb.vc_custom_1625844979461{padding-top: 75px !important;padding-bottom: 75px !important;background-color: #efefef !important;}\u00a0\u00bb][vc_row content_placement=\u00a0\u00bbmiddle\u00a0\u00bb css_animation=\u00a0\u00bbfadeInUp\u00a0\u00bb][vc_column width=\u00a0\u00bb2\/3&Prime;][vc_column_text]<\/p>\n<h3>Conception Talk-Show<\/h3>\n<p>[\/vc_column_text][vc_column_text]<em>Formation pour les \u00e9coles de communication &amp; marketing<\/em><\/p>\n<div class=\"page\">\n<div class=\"section\">\n<div class=\"layoutArea\">\n<div class=\"column\">\n<p>Offrez \u00e0 vos \u00e9tudiants la d\u00e9couverte du programme populaire de la t\u00e9l\u00e9vision, le talk-show\/plateau TV. Une formation pratique o\u00f9 ils devront r\u00e9aliser une \u00e9mission pr\u00e9d\u00e9finie sur plateau \u00e0 l\u2019aide de mat\u00e9riel professionnel audio, vid\u00e9o, \u00e9quipement lumi\u00e8re et r\u00e9gie d\u2019enregistrement constitu\u00e9e directement sur place en salle de cours.<\/p>\n<p>Les \u00e9tudiants seront accompagn\u00e9s tout le long de cet atelier cr\u00e9atif, le but \u00e9tant de les ouvrir \u00e0 une culture audiovisuelle\/t\u00e9l\u00e9visuelle, de leur faire d\u00e9couvrir les coulisses de la mise en place d&rsquo;un plateau TV et les diff\u00e9rents m\u00e9tiers que l&rsquo;on retrouve.<\/p>\n<p>L&rsquo;\u00e9v\u00e9nementiel est en pleine \u00e9volution digitale, le format \u00ab\u00a0talk-show\u00a0\u00bb est devenu une nouvelle mani\u00e8re d\u2019\u00e9changer sur des sujets d\u2019actualit\u00e9s centr\u00e9s sur divers th\u00e8mes, en pr\u00e9sentiel ou \u00e0 distance en ligne.<\/p>\n<\/div>\n<\/div>\n<\/div>\n<\/div>\n<p>[\/vc_column_text][\/vc_column][vc_column width=\u00a0\u00bb1\/3&Prime;][vc_column_text css=\u00a0\u00bb.vc_custom_1643473250571{margin-bottom: 15px !important;}\u00a0\u00bb]<\/p>\n<h4>Comp\u00e9tences transmises<\/h4>\n<p>[\/vc_column_text]<div class=\"qodef-icon-list-holder \" >\n\t<div class=\"qodef-il-icon-holder\">\n\t\t<i class=\"qodef-icon-font-awesome fa fa-check \" style=\"color: #dd3333\"><\/i>\t<\/div>\n\t<p class=\"qodef-il-text\" >Conna\u00eetre l&#039;int\u00e9r\u00eat du Talk-show<\/p>\n<\/div>\n\n\n<div class=\"qodef-icon-list-holder \" >\n\t<div class=\"qodef-il-icon-holder\">\n\t\t<i class=\"qodef-icon-font-awesome fa fa-check \" style=\"color: #dd3333\"><\/i>\t<\/div>\n\t<p class=\"qodef-il-text\" >Comprendre un brief de Talk-show<\/p>\n<\/div>\n\n\n<div class=\"qodef-icon-list-holder \" >\n\t<div class=\"qodef-il-icon-holder\">\n\t\t<i class=\"qodef-icon-font-awesome fa fa-check \" style=\"color: #dd3333\"><\/i>\t<\/div>\n\t<p class=\"qodef-il-text\" >Brainstormer et \u00e9crire une \u00e9mission t\u00e9l\u00e9<\/p>\n<\/div>\n\n\n<div class=\"qodef-icon-list-holder \" >\n\t<div class=\"qodef-il-icon-holder\">\n\t\t<i class=\"qodef-icon-font-awesome fa fa-check \" style=\"color: #dd3333\"><\/i>\t<\/div>\n\t<p class=\"qodef-il-text\" >R\u00e9aliser un conducteur d&#039;\u00e9mission t\u00e9l\u00e9<\/p>\n<\/div>\n\n\n<div class=\"qodef-icon-list-holder \" >\n\t<div class=\"qodef-il-icon-holder\">\n\t\t<i class=\"qodef-icon-font-awesome fa fa-check \" style=\"color: #dd3333\"><\/i>\t<\/div>\n\t<p class=\"qodef-il-text\" >D\u00e9finir le besoin technique d&#039;un plateau TV<\/p>\n<\/div>\n\n\n<div class=\"qodef-icon-list-holder \" >\n\t<div class=\"qodef-il-icon-holder\">\n\t\t<i class=\"qodef-icon-font-awesome fa fa-check \" style=\"color: #dd3333\"><\/i>\t<\/div>\n\t<p class=\"qodef-il-text\" >R\u00e9partir les r\u00f4les techniques en groupe<\/p>\n<\/div>\n\n\n<div class=\"qodef-icon-list-holder \" >\n\t<div class=\"qodef-il-icon-holder\">\n\t\t<i class=\"qodef-icon-font-awesome fa fa-check \" style=\"color: #dd3333\"><\/i>\t<\/div>\n\t<p class=\"qodef-il-text\" >Gestion de la r\u00e9gie et du tournage sur plateau TV<\/p>\n<\/div>\n\n\n<div class=\"qodef-icon-list-holder \" >\n\t<div class=\"qodef-il-icon-holder\">\n\t\t<i class=\"qodef-icon-font-awesome fa fa-check \" style=\"color: #dd3333\"><\/i>\t<\/div>\n\t<p class=\"qodef-il-text\" >D\u00e9rusher et monter sur logiciel professionnel<\/p>\n<\/div>\n\n\n[\/vc_column][\/vc_row][\/vc_section][vc_section full_width=\u00a0\u00bbstretch_row\u00a0\u00bb css=\u00a0\u00bb.vc_custom_1625844975007{padding-top: 75px !important;padding-bottom: 75px !important;}\u00a0\u00bb][vc_row css_animation=\u00a0\u00bbfadeInUp\u00a0\u00bb][vc_column width=\u00a0\u00bb2\/3&Prime;][vc_column_text]<\/p>\n<h3>R\u00e9aliser un Podcast Audio &amp; Vid\u00e9o<\/h3>\n<p>[\/vc_column_text][vc_column_text]<em>Formation pour les \u00e9coles de communication &amp; marketing<\/em><\/p>\n<div class=\"page\">\n<div class=\"section\">\n<div class=\"layoutArea\">\n<div class=\"column\">\n<div>\n<p>Le podcast est devenu en plus de 15 ans un canal \u00a0d&rsquo;informations tr\u00e8s populaire. La formation a pour but de faire comprendre l\u2019int\u00e9r\u00eat du podcast audio dans une strat\u00e9gie de communication pour les entreprises, au-del\u00e0 du divertissement qu&rsquo;il apporte (pour qui, comment, pourquoi\u2026).<\/p>\n<\/div>\n<p>Les \u00e9tudiants seront accompagn\u00e9s dans la r\u00e9alisation d&rsquo;un spot audio publicitaire seul ainsi qu\u2019un \u00e9pisode de podcast en \u00e9quipe sur une th\u00e9matique pr\u00e9d\u00e9finie, \u00e0 l\u2019aide de mat\u00e9riel d\u2019enregistrement audio, afin de les ouvrir \u00e0 une culture audio innovante.<\/p>\n<p>Les m\u00e9dias changent et la radio classique a d\u00e9sormais moins la c\u00f4te aupr\u00e8s des auditeurs, le \u00ab\u00a0podcast \u00bb est devenu une nouvelle mani\u00e8re d\u2019attirer l\u2019attention des cibles qui ont d\u00e9sormais la libert\u00e9 de choisir ce qu&rsquo;ils souhaitent \u00e9couter, gr\u00e2ce aux nombreuses plateformes de streaming.<\/p>\n<\/div>\n<\/div>\n<\/div>\n<\/div>\n<p>[\/vc_column_text][\/vc_column][vc_column width=\u00a0\u00bb1\/3&Prime;][vc_column_text css=\u00a0\u00bb.vc_custom_1643473250571{margin-bottom: 15px !important;}\u00a0\u00bb]<\/p>\n<h4>Comp\u00e9tences transmises<\/h4>\n<p>[\/vc_column_text]<div class=\"qodef-icon-list-holder \" >\n\t<div class=\"qodef-il-icon-holder\">\n\t\t<i class=\"qodef-icon-font-awesome fa fa-check \" style=\"color: #dd3333\"><\/i>\t<\/div>\n\t<p class=\"qodef-il-text\" >Conna\u00eetre l&#039;int\u00e9r\u00eat du Podcast Audio<\/p>\n<\/div>\n\n\n<div class=\"qodef-icon-list-holder \" >\n\t<div class=\"qodef-il-icon-holder\">\n\t\t<i class=\"qodef-icon-font-awesome fa fa-check \" style=\"color: #dd3333\"><\/i>\t<\/div>\n\t<p class=\"qodef-il-text\" >Comprendre un brief de Podcast Audio<\/p>\n<\/div>\n\n\n<div class=\"qodef-icon-list-holder \" >\n\t<div class=\"qodef-il-icon-holder\">\n\t\t<i class=\"qodef-icon-font-awesome fa fa-check \" style=\"color: #dd3333\"><\/i>\t<\/div>\n\t<p class=\"qodef-il-text\" >Brainstormer une strat\u00e9gie de s\u00e9rie de podcast<\/p>\n<\/div>\n\n\n<div class=\"qodef-icon-list-holder \" >\n\t<div class=\"qodef-il-icon-holder\">\n\t\t<i class=\"qodef-icon-font-awesome fa fa-check \" style=\"color: #dd3333\"><\/i>\t<\/div>\n\t<p class=\"qodef-il-text\" >R\u00e9aliser un script d&#039;\u00e9mission<\/p>\n<\/div>\n\n\n<div class=\"qodef-icon-list-holder \" >\n\t<div class=\"qodef-il-icon-holder\">\n\t\t<i class=\"qodef-icon-font-awesome fa fa-check \" style=\"color: #dd3333\"><\/i>\t<\/div>\n\t<p class=\"qodef-il-text\" >Organiser en \u00e9quipe un enregistrement<\/p>\n<\/div>\n\n\n<div class=\"qodef-icon-list-holder \" >\n\t<div class=\"qodef-il-icon-holder\">\n\t\t<i class=\"qodef-icon-font-awesome fa fa-check \" style=\"color: #dd3333\"><\/i>\t<\/div>\n\t<p class=\"qodef-il-text\" >D\u00e9finir le besoin technique d&#039;un podcast<\/p>\n<\/div>\n\n\n<div class=\"qodef-icon-list-holder \" >\n\t<div class=\"qodef-il-icon-holder\">\n\t\t<i class=\"qodef-icon-font-awesome fa fa-check \" style=\"color: #dd3333\"><\/i>\t<\/div>\n\t<p class=\"qodef-il-text\" >R\u00e9aliser un spot audio publicitaire<\/p>\n<\/div>\n\n\n<div class=\"qodef-icon-list-holder \" >\n\t<div class=\"qodef-il-icon-holder\">\n\t\t<i class=\"qodef-icon-font-awesome fa fa-check \" style=\"color: #dd3333\"><\/i>\t<\/div>\n\t<p class=\"qodef-il-text\" >Cr\u00e9er un podcast natif<\/p>\n<\/div>\n\n\n[\/vc_column][\/vc_row][\/vc_section][vc_section full_width=\u00a0\u00bbstretch_row\u00a0\u00bb parallax=\u00a0\u00bbcontent-moving-fade\u00a0\u00bb parallax_image=\u00a0\u00bb1022&Prime; css=\u00a0\u00bb.vc_custom_1709122616287{padding-top: 200px !important;padding-bottom: 200px !important;}\u00a0\u00bb][\/vc_section][vc_section full_width=\u00a0\u00bbstretch_row\u00a0\u00bb css=\u00a0\u00bb.vc_custom_1625845411206{padding-top: 75px !important;padding-bottom: 75px !important;background-color: #efefef !important;}\u00a0\u00bb][vc_row content_placement=\u00a0\u00bbmiddle\u00a0\u00bb css_animation=\u00a0\u00bbfadeInUp\u00a0\u00bb][vc_column width=\u00a0\u00bb2\/3&Prime;][vc_column_text]<\/p>\n<h3>Cr\u00e9er un reportage \u00ab\u00a0Brut\u00a0\u00bb<\/h3>\n<p>[\/vc_column_text][vc_column_text]<em>Formation pour les \u00e9coles de communication &amp; marketing<\/em><\/p>\n<div class=\"page\">\n<div class=\"section\">\n<div class=\"layoutArea\">\n<div class=\"column\">\n<p>La formation revient sur l&rsquo;histoire du m\u00e9dia digital fran\u00e7ais \u00ab\u00a0Brut\u00a0\u00bb, sa r\u00e9ussite et son format vid\u00e9o tr\u00e8s popularis\u00e9 sur internet. L\u2019objectif final sera de r\u00e9aliser un reportage sur le th\u00e8me de son choix, en reprenant les codes qui ont fait le succ\u00e8s de \u00ab\u00a0Brut\u00a0\u00bb sur les r\u00e9seaux sociaux et d&rsquo;en comprendre les cl\u00e9s.<\/p>\n<p>Choix du format selon le r\u00e9seaux social et le style de reportage r\u00e9alis\u00e9, apprendre \u00e0 filmer une courte investigation avec son smartphone, d\u00e9couper et donner le rythme n\u00e9cessaire pour donner l&rsquo;essentiel de l&rsquo;information en quelques minutes, les \u00e9tudiants seront accompagner sur chaque \u00e9tape de cr\u00e9ation.<\/p>\n<p>Ils pourront \u00e9galement se positionner sur le type d&rsquo;interview \u00e0 r\u00e9aliser selon leur sujet : t\u00e9moignage, d\u00e9claration, portrait, document, opinion&#8230;<\/p>\n<\/div>\n<\/div>\n<\/div>\n<\/div>\n<p>[\/vc_column_text][\/vc_column][vc_column width=\u00a0\u00bb1\/3&Prime;][vc_column_text css=\u00a0\u00bb.vc_custom_1643473250571{margin-bottom: 15px !important;}\u00a0\u00bb]<\/p>\n<h4>Comp\u00e9tences transmises<\/h4>\n<p>[\/vc_column_text]<div class=\"qodef-icon-list-holder \" >\n\t<div class=\"qodef-il-icon-holder\">\n\t\t<i class=\"qodef-icon-font-awesome fa fa-check \" style=\"color: #dd3333\"><\/i>\t<\/div>\n\t<p class=\"qodef-il-text\" >Conna\u00eetre le reportage format ``Brut``<\/p>\n<\/div>\n\n\n<div class=\"qodef-icon-list-holder \" >\n\t<div class=\"qodef-il-icon-holder\">\n\t\t<i class=\"qodef-icon-font-awesome fa fa-check \" style=\"color: #dd3333\"><\/i>\t<\/div>\n\t<p class=\"qodef-il-text\" >Comprendre un brief de reportage<\/p>\n<\/div>\n\n\n<div class=\"qodef-icon-list-holder \" >\n\t<div class=\"qodef-il-icon-holder\">\n\t\t<i class=\"qodef-icon-font-awesome fa fa-check \" style=\"color: #dd3333\"><\/i>\t<\/div>\n\t<p class=\"qodef-il-text\" >Brainstormer et \u00e9crire un reportage<\/p>\n<\/div>\n\n\n<div class=\"qodef-icon-list-holder \" >\n\t<div class=\"qodef-il-icon-holder\">\n\t\t<i class=\"qodef-icon-font-awesome fa fa-check \" style=\"color: #dd3333\"><\/i>\t<\/div>\n\t<p class=\"qodef-il-text\" >Mener une investigation<\/p>\n<\/div>\n\n\n<div class=\"qodef-icon-list-holder \" >\n\t<div class=\"qodef-il-icon-holder\">\n\t\t<i class=\"qodef-icon-font-awesome fa fa-check \" style=\"color: #dd3333\"><\/i>\t<\/div>\n\t<p class=\"qodef-il-text\" >Organiser et planifier un tournage<\/p>\n<\/div>\n\n\n<div class=\"qodef-icon-list-holder \" >\n\t<div class=\"qodef-il-icon-holder\">\n\t\t<i class=\"qodef-icon-font-awesome fa fa-check \" style=\"color: #dd3333\"><\/i>\t<\/div>\n\t<p class=\"qodef-il-text\" >D\u00e9finir le besoin technique d&#039;un reportage<\/p>\n<\/div>\n\n\n<div class=\"qodef-icon-list-holder \" >\n\t<div class=\"qodef-il-icon-holder\">\n\t\t<i class=\"qodef-icon-font-awesome fa fa-check \" style=\"color: #dd3333\"><\/i>\t<\/div>\n\t<p class=\"qodef-il-text\" >Choisir le bon cadrage selon la prise de vue<\/p>\n<\/div>\n\n\n<div class=\"qodef-icon-list-holder \" >\n\t<div class=\"qodef-il-icon-holder\">\n\t\t<i class=\"qodef-icon-font-awesome fa fa-check \" style=\"color: #dd3333\"><\/i>\t<\/div>\n\t<p class=\"qodef-il-text\" >D\u00e9rusher et monter sur logiciel professionnel<\/p>\n<\/div>\n\n\n[\/vc_column][\/vc_row][\/vc_section][vc_section full_width=\u00a0\u00bbstretch_row\u00a0\u00bb css=\u00a0\u00bb.vc_custom_1625844975007{padding-top: 75px !important;padding-bottom: 75px !important;}\u00a0\u00bb][vc_row css_animation=\u00a0\u00bbfadeInUp\u00a0\u00bb][vc_column width=\u00a0\u00bb2\/3&Prime;][vc_column_text]<\/p>\n<h3>R\u00e9aliser sa propre vid\u00e9o professionnelle<\/h3>\n<p>[\/vc_column_text][vc_column_text]<em>Formation pour les particuliers et les professionnels<\/em><\/p>\n<div class=\"page\">\n<div class=\"section\">\n<div class=\"layoutArea\">\n<div class=\"column\">\n<p>L&rsquo;audiovisuel \u00e0 fort impact aupr\u00e8s des cibles, il est \u00e9galement de plus en plus pr\u00e9sent dans la communication digitale car les vid\u00e9os sont les contenus les plus consommer par les mobinautes.<\/p>\n<p>Et si vous aussi, vous vous lanciez dans la cr\u00e9ation de vos propres petits contenus ?<\/p>\n<\/div>\n<p>Cette formation vous permet d&rsquo;acqu\u00e9rir toutes les bases th\u00e9oriques et techniques de la r\u00e9alisation audiovisuelle : la phase de pr\u00e9paration et d&rsquo;\u00e9criture, la d\u00e9couverte du mat\u00e9riel professionnel et son utilisation, la post production, &#8230;<\/p>\n<p>Qu&rsquo;il s&rsquo;agisse de d\u00e9velopper vos comp\u00e9tences pour votre entreprise ou pour changer de parcours professionnel, \u00e9tape par \u00e9tape, vous apprendrez \u00e0 cr\u00e9er votre propre vid\u00e9o avec un rendu qualitatif.<\/p>\n<\/div>\n<\/div>\n<\/div>\n<p>[\/vc_column_text][\/vc_column][vc_column width=\u00a0\u00bb1\/3&Prime;][vc_column_text css=\u00a0\u00bb.vc_custom_1643473250571{margin-bottom: 15px !important;}\u00a0\u00bb]<\/p>\n<h4>Comp\u00e9tences transmises<\/h4>\n<p>[\/vc_column_text]<div class=\"qodef-icon-list-holder \" >\n\t<div class=\"qodef-il-icon-holder\">\n\t\t<i class=\"qodef-icon-font-awesome fa fa-check \" style=\"color: #dd3333\"><\/i>\t<\/div>\n\t<p class=\"qodef-il-text\" >Comprendre et r\u00e9gler sa cam\u00e9ra<\/p>\n<\/div>\n\n\n<div class=\"qodef-icon-list-holder \" >\n\t<div class=\"qodef-il-icon-holder\">\n\t\t<i class=\"qodef-icon-font-awesome fa fa-check \" style=\"color: #dd3333\"><\/i>\t<\/div>\n\t<p class=\"qodef-il-text\" >Conna\u00eetre les accessoires audiovisuels<\/p>\n<\/div>\n\n\n<div class=\"qodef-icon-list-holder \" >\n\t<div class=\"qodef-il-icon-holder\">\n\t\t<i class=\"qodef-icon-font-awesome fa fa-check \" style=\"color: #dd3333\"><\/i>\t<\/div>\n\t<p class=\"qodef-il-text\" >Eclairer simplement sa sc\u00e8ne<\/p>\n<\/div>\n\n\n<div class=\"qodef-icon-list-holder \" >\n\t<div class=\"qodef-il-icon-holder\">\n\t\t<i class=\"qodef-icon-font-awesome fa fa-check \" style=\"color: #dd3333\"><\/i>\t<\/div>\n\t<p class=\"qodef-il-text\" >Ecrire et d\u00e9couper son sc\u00e9nario<\/p>\n<\/div>\n\n\n<div class=\"qodef-icon-list-holder \" >\n\t<div class=\"qodef-il-icon-holder\">\n\t\t<i class=\"qodef-icon-font-awesome fa fa-check \" style=\"color: #dd3333\"><\/i>\t<\/div>\n\t<p class=\"qodef-il-text\" >Choisir le bon cadrage et mouvement<\/p>\n<\/div>\n\n\n<div class=\"qodef-icon-list-holder \" >\n\t<div class=\"qodef-il-icon-holder\">\n\t\t<i class=\"qodef-icon-font-awesome fa fa-check \" style=\"color: #dd3333\"><\/i>\t<\/div>\n\t<p class=\"qodef-il-text\" >Utiliser les indicateurs d&#039;aide \u00e0 la captation<\/p>\n<\/div>\n\n\n<div class=\"qodef-icon-list-holder \" >\n\t<div class=\"qodef-il-icon-holder\">\n\t\t<i class=\"qodef-icon-font-awesome fa fa-check \" style=\"color: #dd3333\"><\/i>\t<\/div>\n\t<p class=\"qodef-il-text\" >R\u00e9aliser un montage vid\u00e9o sur Premi\u00e8re Pro<\/p>\n<\/div>\n\n\n<div class=\"qodef-icon-list-holder \" >\n\t<div class=\"qodef-il-icon-holder\">\n\t\t<i class=\"qodef-icon-font-awesome fa fa-check \" style=\"color: #dd3333\"><\/i>\t<\/div>\n\t<p class=\"qodef-il-text\" >Cr\u00e9er des animations simples sur After Effects<\/p>\n<\/div>\n\n\n[\/vc_column][\/vc_row][\/vc_section][vc_section full_width=\u00a0\u00bbstretch_row\u00a0\u00bb parallax=\u00a0\u00bbcontent-moving-fade\u00a0\u00bb parallax_image=\u00a0\u00bb2079&Prime; css=\u00a0\u00bb.vc_custom_1707062021773{padding-top: 50px !important;padding-bottom: 50px !important;}\u00a0\u00bb][vc_row][vc_column][vc_column_text]<\/p>\n<h2 style=\"text-align: center;\"><span style=\"color: #ffffff;\">L&rsquo;avis des \u00e9tudiants<\/span><\/h2>\n<p>[\/vc_column_text][vc_separator color=\u00a0\u00bbcustom\u00a0\u00bb border_width=\u00a0\u00bb3&Prime; el_width=\u00a0\u00bb20&Prime; css=\u00a0\u00bb.vc_custom_1643415061490{margin-top: 15px !important;margin-bottom: 30px !important;}\u00a0\u00bb accent_color=\u00a0\u00bb#c60000&Prime;][\/vc_column][\/vc_row][vc_row][vc_column]<div class=\"qodef-testimonials-holder qodef-testimonials-standard qodef-testimonials-light clearfix\"><div class=\"qodef-testimonials qodef-owl-slider\" data-number-of-items=\"1\" data-enable-loop=\"yes\" data-enable-autoplay=\"yes\" data-slider-speed=\"10000\" data-slider-speed-animation=\"1000\" data-enable-navigation=\"yes\" data-enable-pagination=\"yes\"><div class=\"qodef-testimonial-content\" id=\"qodef-testimonials-1679\">\n\t<div class=\"qodef-testimonial-text-holder\">\n\t\t\t\t\t<p class=\"qodef-testimonial-text\">\u00c7a a \u00e9t\u00e9 \u00e9galement un r\u00e9el plaisir d\u2019assister aux formations. Le formateur a une p\u00e9dagogie et une patience qui sont un r\u00e9el avantage lors de l\u2019apprentissage de la suite Adobe. Merci pour les conseils et la bienveillance.<\/p>\n\t\t\t\t\t\t\t<div class=\"qodef-testimonial-image\">\n\t\t\t\t<img loading=\"lazy\" decoding=\"async\" width=\"97\" height=\"97\" src=\"https:\/\/recstudio.fr\/wp-content\/uploads\/2022\/02\/efap-150x150.png\" class=\"attachment-97x97 size-97x97 wp-post-image\" alt=\"\" srcset=\"https:\/\/recstudio.fr\/wp-content\/uploads\/2022\/02\/efap-150x150.png 150w, https:\/\/recstudio.fr\/wp-content\/uploads\/2022\/02\/efap-300x300.png 300w, https:\/\/recstudio.fr\/wp-content\/uploads\/2022\/02\/efap.png 320w\" sizes=\"(max-width: 97px) 100vw, 97px\" \/>\t\t\t<\/div>\n\t\t\t\t\t\t\t<h4 class=\"qodef-testimonial-author\">\n\t\t\t\t<span class=\"qodef-testimonials-author-name\">Lisa, \u00e9tudiante<\/span>\n\t\t\t<\/h4>\n\t\t\t\t\t\t\t<h6 class=\"qodef-testimonials-author-job\">EFAP Paris<\/h6>\n\t\t\t<\/div>\n<\/div><div class=\"qodef-testimonial-content\" id=\"qodef-testimonials-1496\">\n\t<div class=\"qodef-testimonial-text-holder\">\n\t\t\t\t\t<p class=\"qodef-testimonial-text\">Tout \u00e9tait bien de A \u00e0 Z, \u00e0 la fois la th\u00e9orie et la pratique. L&#039;\u00e9quipe de formateurs \u00e9tait super accueillante, qui nous met \u00e0 l&#039;aise, c&#039;\u00e9tait une exp\u00e9rience tr\u00e8s enrichissante !<\/p>\n\t\t\t\t\t\t\t<div class=\"qodef-testimonial-image\">\n\t\t\t\t<img loading=\"lazy\" decoding=\"async\" width=\"97\" height=\"97\" src=\"https:\/\/recstudio.fr\/wp-content\/uploads\/2022\/02\/efap-150x150.png\" class=\"attachment-97x97 size-97x97 wp-post-image\" alt=\"\" srcset=\"https:\/\/recstudio.fr\/wp-content\/uploads\/2022\/02\/efap-150x150.png 150w, https:\/\/recstudio.fr\/wp-content\/uploads\/2022\/02\/efap-300x300.png 300w, https:\/\/recstudio.fr\/wp-content\/uploads\/2022\/02\/efap.png 320w\" sizes=\"(max-width: 97px) 100vw, 97px\" \/>\t\t\t<\/div>\n\t\t\t\t\t\t\t<h4 class=\"qodef-testimonial-author\">\n\t\t\t\t<span class=\"qodef-testimonials-author-name\">Isaiah, \u00e9tudiant<\/span>\n\t\t\t<\/h4>\n\t\t\t\t\t\t\t<h6 class=\"qodef-testimonials-author-job\">EFAP Lille<\/h6>\n\t\t\t<\/div>\n<\/div><div class=\"qodef-testimonial-content\" id=\"qodef-testimonials-1495\">\n\t<div class=\"qodef-testimonial-text-holder\">\n\t\t\t\t\t<p class=\"qodef-testimonial-text\">J&#039;ai bien aim\u00e9 la th\u00e9orie qui a de l&#039;interactivit\u00e9 ; vous avez la facult\u00e9 \u00e0 vulgariser des choses qui peuvent nous para\u00eetre compliqu\u00e9es : les cam\u00e9ras, les micros, la r\u00e9gie, etc.<\/p>\n\t\t\t\t\t\t\t<div class=\"qodef-testimonial-image\">\n\t\t\t\t<img loading=\"lazy\" decoding=\"async\" width=\"97\" height=\"97\" src=\"https:\/\/recstudio.fr\/wp-content\/uploads\/2022\/02\/efap-150x150.png\" class=\"attachment-97x97 size-97x97 wp-post-image\" alt=\"\" srcset=\"https:\/\/recstudio.fr\/wp-content\/uploads\/2022\/02\/efap-150x150.png 150w, https:\/\/recstudio.fr\/wp-content\/uploads\/2022\/02\/efap-300x300.png 300w, https:\/\/recstudio.fr\/wp-content\/uploads\/2022\/02\/efap.png 320w\" sizes=\"(max-width: 97px) 100vw, 97px\" \/>\t\t\t<\/div>\n\t\t\t\t\t\t\t<h4 class=\"qodef-testimonial-author\">\n\t\t\t\t<span class=\"qodef-testimonials-author-name\">Charl\u00e8ne, \u00e9tudiante<\/span>\n\t\t\t<\/h4>\n\t\t\t\t\t\t\t<h6 class=\"qodef-testimonials-author-job\">EFAP Lille<\/h6>\n\t\t\t<\/div>\n<\/div><div class=\"qodef-testimonial-content\" id=\"qodef-testimonials-1493\">\n\t<div class=\"qodef-testimonial-text-holder\">\n\t\t\t\t\t<p class=\"qodef-testimonial-text\">C&#039;\u00e9tait vraiment sympa et int\u00e9ressant de faire quelque chose de concret ! Merci \ud83d\ude42<\/p>\n\t\t\t\t\t\t\t<div class=\"qodef-testimonial-image\">\n\t\t\t\t<img loading=\"lazy\" decoding=\"async\" width=\"97\" height=\"97\" src=\"https:\/\/recstudio.fr\/wp-content\/uploads\/2022\/02\/efap-150x150.png\" class=\"attachment-97x97 size-97x97 wp-post-image\" alt=\"\" srcset=\"https:\/\/recstudio.fr\/wp-content\/uploads\/2022\/02\/efap-150x150.png 150w, https:\/\/recstudio.fr\/wp-content\/uploads\/2022\/02\/efap-300x300.png 300w, https:\/\/recstudio.fr\/wp-content\/uploads\/2022\/02\/efap.png 320w\" sizes=\"(max-width: 97px) 100vw, 97px\" \/>\t\t\t<\/div>\n\t\t\t\t\t\t\t<h4 class=\"qodef-testimonial-author\">\n\t\t\t\t<span class=\"qodef-testimonials-author-name\">Louise, \u00e9tudiante<\/span>\n\t\t\t<\/h4>\n\t\t\t\t\t\t\t<h6 class=\"qodef-testimonials-author-job\">EFAP Lille<\/h6>\n\t\t\t<\/div>\n<\/div><\/div><\/div>[\/vc_column][\/vc_row][\/vc_section]<\/p>\n","protected":false},"excerpt":{"rendered":"<p>[vc_section full_width=\u00a0\u00bbstretch_row\u00a0\u00bb video_bg=\u00a0\u00bbyes\u00a0\u00bb video_bg_url=\u00a0\u00bbhttps:\/\/www.youtube.com\/watch?v=O5uslDByFMk\u00a0\u00bb video_bg_parallax=\u00a0\u00bbcontent-moving\u00a0\u00bb parallax_speed_video=\u00a0\u00bb1.3&Prime; css=\u00a0\u00bb.vc_custom_1644775643901{padding-top: 340px !important;padding-bottom: 340px !important;}\u00a0\u00bb][vc_row][vc_column][vc_column_text] D\u00e9veloppeur de comp\u00e9tences [\/vc_column_text][vc_separator color=\u00a0\u00bbcustom\u00a0\u00bb border_width=\u00a0\u00bb4&Prime; el_width=\u00a0\u00bb20&Prime; css=\u00a0\u00bb.vc_custom_1643454454936{margin-top: 20px !important;}\u00a0\u00bb accent_color=\u00a0\u00bb#b61819&Prime;][\/vc_column][\/vc_row][\/vc_section][vc_section content_placement=\u00a0\u00bbmiddle\u00a0\u00bb css=\u00a0\u00bb.vc_custom_1643550708656{padding-top: 100px !important;padding-bottom: 50px !important;}\u00a0\u00bb][vc_row equal_height=\u00a0\u00bbyes\u00a0\u00bb content_placement=\u00a0\u00bbmiddle\u00a0\u00bb css=\u00a0\u00bb.vc_custom_1643416006302{margin-bottom: 20px !important;padding-top: 20px !important;padding-bottom: 20px !important;}\u00a0\u00bb][vc_column width=\u00a0\u00bb1\/2&Prime;][vc_column_text] D\u00e9couvrez REC [&hellip;]<\/p>\n","protected":false},"author":1,"featured_media":0,"parent":0,"menu_order":0,"comment_status":"closed","ping_status":"closed","template":"","meta":{"footnotes":""},"_links":{"self":[{"href":"https:\/\/recstudio.fr\/index.php?rest_route=\/wp\/v2\/pages\/204"}],"collection":[{"href":"https:\/\/recstudio.fr\/index.php?rest_route=\/wp\/v2\/pages"}],"about":[{"href":"https:\/\/recstudio.fr\/index.php?rest_route=\/wp\/v2\/types\/page"}],"author":[{"embeddable":true,"href":"https:\/\/recstudio.fr\/index.php?rest_route=\/wp\/v2\/users\/1"}],"replies":[{"embeddable":true,"href":"https:\/\/recstudio.fr\/index.php?rest_route=%2Fwp%2Fv2%2Fcomments&post=204"}],"version-history":[{"count":113,"href":"https:\/\/recstudio.fr\/index.php?rest_route=\/wp\/v2\/pages\/204\/revisions"}],"predecessor-version":[{"id":2364,"href":"https:\/\/recstudio.fr\/index.php?rest_route=\/wp\/v2\/pages\/204\/revisions\/2364"}],"wp:attachment":[{"href":"https:\/\/recstudio.fr\/index.php?rest_route=%2Fwp%2Fv2%2Fmedia&parent=204"}],"curies":[{"name":"wp","href":"https:\/\/api.w.org\/{rel}","templated":true}]}}